{"id":8122,"date":"2021-04-20T14:58:20","date_gmt":"2021-04-20T18:58:20","guid":{"rendered":"http:\/\/demosite2.asurtec.com\/?post_type=job_listing&#038;p=8122"},"modified":"2021-06-19T13:13:47","modified_gmt":"2021-06-19T17:13:47","slug":"coordonnateurtrice-prix-azrieli-de-musique","status":"expired","type":"job_listing","link":"https:\/\/oc.ca\/fr\/?post_type=job_listing&p=8122","title":{"rendered":"Coordonnateur(trice), Prix Azrieli de musique"},"content":{"rendered":"<p><strong>TITRE DU POSTE :\u00a0\u00a0<\/strong>Coordonnateur*, Prix Azrieli de musique<br \/>\n* Dans cette offre d\u2019emploi, le masculin est utilis\u00e9 comme forme g\u00e9n\u00e9rique \u00e0 seule fin de ne pas alourdir le texte.<\/p>\n<p><strong>STATUT :\u00a0\u00a0<\/strong>Temps plein, permanent<\/p>\n<p><strong>REL\u00c8VE DE :\u00a0<\/strong>Responsable des initiatives MAC (musique, arts et culture)<\/p>\n<p><strong>INTERACTIONS AVEC :\u00a0<\/strong>Les laur\u00e9ats des Prix, le Conseil consultatif des Prix Azrieli de musique, l\u2019\u00e9quipe des communications, ainsi qu\u2019un grand nombre de partenaires du programme, de fournisseurs de services et de parties prenantes, tant au Canada qu\u2019\u00e0 l\u2019\u00e9tranger<\/p>\n<p><strong>LIEU : <\/strong>Ce poste est bas\u00e9 au bureau montr\u00e9alais de la Fondation Azrieli, et exigera occasionnellement des d\u00e9placements \u00e0 notre bureau de Toronto. Des d\u00e9placements \u00e0 l\u2019\u00e9tranger peuvent \u00eatre requis \u00e0 l\u2019occasion.<\/p>\n<p><strong><br \/>\nSOMMAIRE DU POSTE\u00a0:<\/strong><\/p>\n<p>Le coordonnateur des Prix Azrieli de musique (PAM) est le point de contact et l\u2019administrateur principal du programme des Prix Azrieli de musique. D\u00e9cern\u00e9s tous les deux ans, les PAM constituent les plus importants prix d composition musicale au Canada. Le coordonnateur est responsable de l\u2019harmonisation des d\u00e9marches des partenaires, de la planification et des ressources requises pour r\u00e9aliser de mani\u00e8re efficace et efficiente les activit\u00e9s de base des PAM. Il a \u00e9galement pour responsabilit\u00e9 d\u2019identifier, d\u2019impliquer et de mobiliser une communaut\u00e9 dynamique autour des PAM, et de s\u2019assurer que les projets et les activit\u00e9s du programme sont pleinement align\u00e9s sur la mission, la vision et les valeurs de la Fondation Azrieli.<\/p>\n<p><strong>AU SUJET DE LA FONDATION AZRIELI\u00a0: <\/strong><br \/>\nUne des plus importantes fondations philanthropiques au Canada et en Isra\u00ebl, la Fondation Azrieli concr\u00e9tise la vision philanthropique de David J. Azrieli en soutenant divers programmes et \u00e9tablissements depuis 1989. Anim\u00e9e par la conviction que l\u2019action philanthropique a une responsabilit\u00e9 et un r\u00f4le importants \u00e0 jouer, la Fondation appuie et habilite une vaste gamme d\u2019organisations dans les secteurs de l\u2019\u00e9ducation, de la recherche, des soins de sant\u00e9 et des arts.<\/p>\n<p><strong>\u00a0<\/strong><strong>\u00a0<\/strong><\/p>\n<p><strong>PRINCIPALES T\u00c2CHES ET RESPONSABILIT\u00c9S<\/strong><\/p>\n<p><strong>Coordination du programme\u00a0:<\/strong><\/p>\n<ul>\n<li>\u00c9laborer et mettre en \u0153uvre le programme biennal des PAM, ce qui comprend la planification d\u00e9taill\u00e9e des activit\u00e9s, les \u00e9ch\u00e9anciers et les \u00e9l\u00e9ments livrables;<\/li>\n<li>En collaboration avec le responsable des initiatives MAC, \u00e9laborer le budget du programme biennal des PAM pour s\u2019assurer que celui-ci se maintienne \u00e0 l\u2019int\u00e9rieur des param\u00e8tres approuv\u00e9s;<\/li>\n<li>Administrer toutes les activit\u00e9s du programme, y compris l\u2019\u00e9tablissement du calendrier, la logistique, les besoins en ressources et les \u00e9l\u00e9ments interactifs.<\/li>\n<\/ul>\n<p><strong>Recherche \/ Planification \/ Suivi\u00a0:<\/strong><\/p>\n<ul>\n<li>Se tenir au courant des changements et des nouveaux d\u00e9veloppements dans le secteur de la musique classique, et partager ces apprentissages avec les groupes pertinents;<\/li>\n<li>R\u00e9seauter avec les personnes de contact \u00e0 l\u2019\u00e9chelle du secteur pour rester au courant des tendances, des probl\u00e9matiques, des technologies et des capacit\u00e9s \u00e9mergentes, afin de garantir que la planification et l\u2019ex\u00e9cution des PAM soient bas\u00e9es sur les renseignements, les savoirs et les pratiques les plus \u00e0 jour;<\/li>\n<li>Sur une base r\u00e9guli\u00e8re, consulter le responsable des initiatives MAC, le personnel de la Fondation et les partenaires cl\u00e9s pour s\u2019assurer que la planification est conforme aux exigences du programme;<\/li>\n<li>Appuyer la pr\u00e9sidente du conseil consultatif dans toutes les d\u00e9marches li\u00e9es \u00e0 la convocation et au d\u00e9roulement des r\u00e9unions du conseil, ce qui comprend l\u2019\u00e9tablissement des dates des r\u00e9unions, la cr\u00e9ation de l\u2019ordre du jour, la distribution de tous les documents pertinents, la r\u00e9daction des proc\u00e8s-verbaux, le suivi sur les mesures \u00e0 prendre et l\u2019int\u00e9gration des recommandation \u00e0 la planification remani\u00e9e des PAM;<\/li>\n<li>Suivre de fa\u00e7on continue l\u2019efficacit\u00e9 et la pertinence du programme;<\/li>\n<li>\u00c9laborer et mettre en \u0153uvre des m\u00e9thodes de collecte de r\u00e9troaction aupr\u00e8s de la communaut\u00e9 afin d\u2019identifier les aspects du programme susceptibles d\u2019\u00eatre am\u00e9lior\u00e9s;<\/li>\n<li>Remettre une \u00e9bauche de planification du programme comprenant des am\u00e9liorations recommand\u00e9es, tout en \u00e9tablissant et en mettant en \u0153uvre les objectifs annuels du programme;<\/li>\n<li>Pr\u00e9parer des comptes rendus de projets conform\u00e9ment aux \u00e9ch\u00e9anciers des PAM et de la Fondation.<\/li>\n<\/ul>\n<p><strong>Communications \/ Engagement communautaire\u00a0:<\/strong><\/p>\n<ul>\n<li>Collaborer avec l\u2019\u00e9quipe des communications ainsi que les fournisseurs de services publicitaires et de conception graphique, afin d\u2019\u00e9laborer et de livrer le plan des communications des PAM;<\/li>\n<li>Agir en tant que point de contact avec les laur\u00e9ats des Prix, le conseil consultatif, les partenaires du programme, les fournisseurs de services et le public;<\/li>\n<li>Identifier et r\u00e9seauter avec des individus, des organisations et des \u00e9tablissements afin d\u2019accro\u00eetre la visibilit\u00e9 des PAM au sein des march\u00e9s actuels et nouveaux.<\/li>\n<\/ul>\n<p><strong>Alignement et d\u00e9fense des int\u00e9r\u00eats du programme\u00a0:<\/strong><\/p>\n<ul>\n<li>En collaboration avec le responsable des initiatives MAC, s\u2019assurer que les PAM sont align\u00e9s sur la mission, la vision et les valeurs de la Fondation Azrieli;<\/li>\n<li>Entreprendre toutes les t\u00e2ches et responsabilt\u00e9s conform\u00e9ment aux objectifs strat\u00e9giques des PAM et \u00e0 l\u2019orientation strat\u00e9gique de la Fondation Azireli;<\/li>\n<li>Agir \u00e0 titre de d\u00e9fenseur des PAM et de la Fondation Azrieli, ce qui comprend la communication de la mission, de la vision, des valeurs, des r\u00e9alisations et du r\u00f4le unique occup\u00e9 par l\u2019organisation au sein de la communaut\u00e9.<\/li>\n<\/ul>\n<p>&nbsp;<\/p>\n<p><strong>QUALIFICATIONS DU CANDIDAT<\/strong><\/p>\n<ul>\n<li>De 3 \u00e0 5 ans d\u2019exp\u00e9rience \u00e0 titre de gestionnaire de projets; une exp\u00e9rience de travail dans le secteur caritatif est un atout;<\/li>\n<li>Une formation universitaire en musique, avec de pr\u00e9f\u00e9rence une sp\u00e9cialisation en interpr\u00e9tation et\/ou en musicologie; une formation de gestionnaire dans le secteur des arts et de la culture est un atout;<\/li>\n<li>D\u2019excellentes comp\u00e9tences en communication orale, \u00e9crite et visuelle dans les deux langues sont essentielles \u00e0 ce poste;<\/li>\n<li>D\u2019excellentes connaissances pratiques du secteur de la musique classique au Canada; la connaissance du secteur \u00e0 l\u2019\u00e9chelle internationale est un atout;<\/li>\n<li>Capacit\u00e9 av\u00e9r\u00e9e \u00e0 travailler de mani\u00e8re collaborative avec un large \u00e9ventail de parties prenantes, afin d\u2019\u00e9laborer, de planifier, de mettre en \u0153uvre, de rendre des comptes et d\u2019am\u00e9liorer les programmes.<\/li>\n<\/ul>\n<p><strong>\u00a0<\/strong><\/p>\n<p><strong>APTITUDES ET COMP\u00c9TENCES DU CANDIDAT<\/strong><\/p>\n<ul>\n<li>Le candidat doit \u00eatre un penseur \u00e0 la fois cr\u00e9atif et syst\u00e9matique, qui vise \u00e0 faire progresser les PAM en cherchant constamment \u00e0 apprendre et \u00e0 am\u00e9liorer la planification et les processus;<\/li>\n<li>Il doit bien r\u00e9agir aux exigences et aux d\u00e9fis que pr\u00e9sentent le changement, l\u2019ambigu\u00eft\u00e9, la complexit\u00e9 et toute autre pression externe;<\/li>\n<li>Il doit se tenir au courant de tous les d\u00e9veloppements dans son domaine d\u2019expertise, partager ses connaissances avec ses pairs et partenaires, et mettre ses connaissances au service de la planification et des partenariats;<\/li>\n<li>Il doit faire preuve d\u2019aptitudes en gestion de projets, ce qui comprend l\u2019\u00e9tablissement de budgets, de ressourcement et de gestion des t\u00e2ches, conform\u00e9ment aux objectifs globaux de l\u2019organisation;<\/li>\n<li>Il doit \u00eatre capable d\u2019amorcer le travail, en \u00e9tablissant les objectifs, en acceptant la responsabilit\u00e9 des r\u00e9sultats, et en faisant preuve d\u2019un engagement constant envers le rendement;<\/li>\n<li>Il doit faire preuve de la capacit\u00e9 \u00e0 recueillir, comprendre et analyser de la r\u00e9troaction \u00e9quilibr\u00e9e, et \u00e0 convertir des aper\u00e7us personnels en actions futures efficaces;<\/li>\n<li>Il doit maintenir avec ses pairs et partenaires des relations fortes, productives et ancr\u00e9es dans la confiance, et travailler de mani\u00e8re collaborative afin d\u2019atteindre les objectifs vis\u00e9s;<\/li>\n<li>Il doit faire preuve d\u2019intelligence \u00e9motionnelle et d\u2019habilet\u00e9s interpersonnelles afin de g\u00e9rer avec tact les divergences d\u2019opinion, r\u00e9soudre les conflits et d\u00e9samorcer les confrontations;<\/li>\n<li>Il doit maintenir une attitude professionnelle, se comporter avec int\u00e9grit\u00e9 et discr\u00e9tion, et maintenir des normes \u00e9thiques \u00e9lev\u00e9es;<\/li>\n<li>Il doit poss\u00e9der une bonne connaissance des logiciels et des outils actuels de partage des connaissances sur le web et en ligne;<\/li>\n<li>Il doit d\u00e9tenir une exp\u00e9rience de travail dans un environnement PC o\u00f9 l\u2019on emploie diverses applications logicielles, notamment la suite MS Office;<\/li>\n<li>Un permis de conduire valide est requis.<\/li>\n<\/ul>\n<p>&nbsp;<\/p>\n<p><strong>CANDIDATS<br \/>\n<\/strong><\/p>\n<p>Les candidats int\u00e9ress\u00e9s sont invit\u00e9s \u00e0 nous soumettre une lettre d\u2019accompagnement et leur cirriculum vit\u00e6 par courriel\u00a0au : <a href=\"mailto:music@azrielifoundation.org\">music@azrielifoundation.org<\/a>.<\/p>\n<p>Tout au long du processus d\u2019embauche, la Fondation Azrieli tiendra compte des besoins des personnes ayant une incapacit\u00e9.<\/p>\n<p><em>Nous remercions tous les candidats qui postulent cet emploi, mais seuls ceux et celles ayant les qualifications seront contact\u00e9s en vue d\u2019un entretien d\u2019embauche<\/em><em>.<\/em><\/p>\n<p>&nbsp;<\/p>\n<p><strong>REMUNERATION:<\/strong> $45,000 &#8211; $55,000<\/p>\n<p>&nbsp;<\/p>\n<p><a href=\"https:\/\/drive.google.com\/file\/d\/1Ii0XBIds2THUp4cMh4WoluQlr7p1hg5K\/view?usp=sharing\">VOIR PDF<\/a><\/p>\n","protected":false},"author":14,"featured_media":7840,"template":"","meta":{"_acf_changed":false,"_monsterinsights_skip_tracking":false,"_monsterinsights_sitenote_active":false,"_monsterinsights_sitenote_note":"","_monsterinsights_sitenote_category":0,"_promoted":"","_job_location":"Montr\u00e9al, QC","_application":"music@azrielifoundation.org","_company_name":"Fondation Azrieli","_company_website":"https:\/\/azrielifoundation.org\/","_company_tagline":"","_company_twitter":"","_company_video":"","_filled":0,"_featured":0,"_remote_position":0,"_job_salary":"","_job_salary_currency":"","_job_salary_unit":""},"job-categories":[551],"class_list":["post-8122","job_listing","type-job_listing","status-expired","has-post-thumbnail","hentry"],"acf":[],"yoast_head":"<!-- This site is optimized with the Yoast SEO plugin v27.3 - https:\/\/yoast.com\/product\/yoast-seo-wordpress\/ -->\n<title>Coordonnateur(trice), Prix Azrieli de musique - Orchestras Canada\/Orchestres Canada<\/title>\n<meta name=\"robots\" content=\"index, follow, max-snippet:-1, max-image-preview:large, max-video-preview:-1\" \/>\n<link rel=\"canonical\" href=\"https:\/\/oc.ca\/fr\/?post_type=job_listing&p=8122\" \/>\n<meta property=\"og:locale\" content=\"fr_FR\" \/>\n<meta property=\"og:type\" content=\"article\" \/>\n<meta property=\"og:title\" content=\"Coordonnateur(trice), Prix Azrieli de musique - Orchestras Canada\/Orchestres Canada\" \/>\n<meta property=\"og:description\" content=\"TITRE DU POSTE :\u00a0\u00a0Coordonnateur*, Prix Azrieli de musique * Dans cette offre d\u2019emploi, le masculin est utilis\u00e9 comme forme g\u00e9n\u00e9rique \u00e0 seule fin de ne pas alourdir le texte. STATUT :\u00a0\u00a0Temps plein, permanent REL\u00c8VE DE :\u00a0Responsable des initiatives MAC (musique, arts et culture) INTERACTIONS AVEC :\u00a0Les laur\u00e9ats des Prix, le Conseil consultatif des Prix Azrieli [&hellip;]\" \/>\n<meta property=\"og:url\" content=\"https:\/\/oc.ca\/fr\/?post_type=job_listing&amp;p=8122\" \/>\n<meta property=\"og:site_name\" content=\"Orchestras Canada\/Orchestres Canada\" \/>\n<meta property=\"article:modified_time\" content=\"2021-06-19T17:13:47+00:00\" \/>\n<meta property=\"og:image\" content=\"https:\/\/oc.ca\/wp-content\/uploads\/2021\/02\/Azrieli-Foundation.png\" \/>\n\t<meta property=\"og:image:width\" content=\"1279\" \/>\n\t<meta property=\"og:image:height\" content=\"1279\" \/>\n\t<meta property=\"og:image:type\" content=\"image\/png\" \/>\n<meta name=\"twitter:card\" content=\"summary_large_image\" \/>\n<meta name=\"twitter:label1\" content=\"Dur\u00e9e de lecture estim\u00e9e\" \/>\n\t<meta name=\"twitter:data1\" content=\"6 minutes\" \/>\n<script type=\"application\/ld+json\" class=\"yoast-schema-graph\">{\"@context\":\"https:\\\/\\\/schema.org\",\"@graph\":[{\"@type\":\"WebPage\",\"@id\":\"https:\\\/\\\/oc.ca\\\/fr\\\/?post_type=job_listing&p=8122\",\"url\":\"https:\\\/\\\/oc.ca\\\/fr\\\/?post_type=job_listing&p=8122\",\"name\":\"Coordonnateur(trice), Prix Azrieli de musique - Orchestras Canada\\\/Orchestres Canada\",\"isPartOf\":{\"@id\":\"https:\\\/\\\/oc.ca\\\/en\\\/#website\"},\"primaryImageOfPage\":{\"@id\":\"https:\\\/\\\/oc.ca\\\/fr\\\/?post_type=job_listing&p=8122#primaryimage\"},\"image\":{\"@id\":\"https:\\\/\\\/oc.ca\\\/fr\\\/?post_type=job_listing&p=8122#primaryimage\"},\"thumbnailUrl\":\"https:\\\/\\\/oc.ca\\\/wp-content\\\/uploads\\\/2021\\\/02\\\/Azrieli-Foundation.png\",\"datePublished\":\"2021-04-20T18:58:20+00:00\",\"dateModified\":\"2021-06-19T17:13:47+00:00\",\"breadcrumb\":{\"@id\":\"https:\\\/\\\/oc.ca\\\/fr\\\/?post_type=job_listing&p=8122#breadcrumb\"},\"inLanguage\":\"fr-FR\",\"potentialAction\":[{\"@type\":\"ReadAction\",\"target\":[\"https:\\\/\\\/oc.ca\\\/fr\\\/?post_type=job_listing&p=8122\"]}]},{\"@type\":\"ImageObject\",\"inLanguage\":\"fr-FR\",\"@id\":\"https:\\\/\\\/oc.ca\\\/fr\\\/?post_type=job_listing&p=8122#primaryimage\",\"url\":\"https:\\\/\\\/oc.ca\\\/wp-content\\\/uploads\\\/2021\\\/02\\\/Azrieli-Foundation.png\",\"contentUrl\":\"https:\\\/\\\/oc.ca\\\/wp-content\\\/uploads\\\/2021\\\/02\\\/Azrieli-Foundation.png\",\"width\":1279,\"height\":1279},{\"@type\":\"BreadcrumbList\",\"@id\":\"https:\\\/\\\/oc.ca\\\/fr\\\/?post_type=job_listing&p=8122#breadcrumb\",\"itemListElement\":[{\"@type\":\"ListItem\",\"position\":1,\"name\":\"Home\",\"item\":\"https:\\\/\\\/oc.ca\\\/fr\\\/\"},{\"@type\":\"ListItem\",\"position\":2,\"name\":\"Coordonnateur(trice), Prix Azrieli de musique\"}]},{\"@type\":\"WebSite\",\"@id\":\"https:\\\/\\\/oc.ca\\\/en\\\/#website\",\"url\":\"https:\\\/\\\/oc.ca\\\/en\\\/\",\"name\":\"Orchestras Canada\\\/Orchestres Canada\",\"description\":\"\",\"publisher\":{\"@id\":\"https:\\\/\\\/oc.ca\\\/en\\\/#organization\"},\"potentialAction\":[{\"@type\":\"SearchAction\",\"target\":{\"@type\":\"EntryPoint\",\"urlTemplate\":\"https:\\\/\\\/oc.ca\\\/en\\\/?s={search_term_string}\"},\"query-input\":{\"@type\":\"PropertyValueSpecification\",\"valueRequired\":true,\"valueName\":\"search_term_string\"}}],\"inLanguage\":\"fr-FR\"},{\"@type\":\"Organization\",\"@id\":\"https:\\\/\\\/oc.ca\\\/en\\\/#organization\",\"name\":\"Orchestras Canada\\\/Orchestres Canada\",\"url\":\"https:\\\/\\\/oc.ca\\\/en\\\/\",\"logo\":{\"@type\":\"ImageObject\",\"inLanguage\":\"fr-FR\",\"@id\":\"https:\\\/\\\/oc.ca\\\/en\\\/#\\\/schema\\\/logo\\\/image\\\/\",\"url\":\"https:\\\/\\\/oc.ca\\\/wp-content\\\/uploads\\\/2019\\\/03\\\/cropped-OC-Logo-800x200-1.png\",\"contentUrl\":\"https:\\\/\\\/oc.ca\\\/wp-content\\\/uploads\\\/2019\\\/03\\\/cropped-OC-Logo-800x200-1.png\",\"width\":400,\"height\":100,\"caption\":\"Orchestras Canada\\\/Orchestres Canada\"},\"image\":{\"@id\":\"https:\\\/\\\/oc.ca\\\/en\\\/#\\\/schema\\\/logo\\\/image\\\/\"}}]}<\/script>\n<!-- \/ Yoast SEO plugin. -->","yoast_head_json":{"title":"Coordonnateur(trice), Prix Azrieli de musique - Orchestras Canada\/Orchestres Canada","robots":{"index":"index","follow":"follow","max-snippet":"max-snippet:-1","max-image-preview":"max-image-preview:large","max-video-preview":"max-video-preview:-1"},"canonical":"https:\/\/oc.ca\/fr\/?post_type=job_listing&p=8122","og_locale":"fr_FR","og_type":"article","og_title":"Coordonnateur(trice), Prix Azrieli de musique - Orchestras Canada\/Orchestres Canada","og_description":"TITRE DU POSTE :\u00a0\u00a0Coordonnateur*, Prix Azrieli de musique * Dans cette offre d\u2019emploi, le masculin est utilis\u00e9 comme forme g\u00e9n\u00e9rique \u00e0 seule fin de ne pas alourdir le texte. STATUT :\u00a0\u00a0Temps plein, permanent REL\u00c8VE DE :\u00a0Responsable des initiatives MAC (musique, arts et culture) INTERACTIONS AVEC :\u00a0Les laur\u00e9ats des Prix, le Conseil consultatif des Prix Azrieli [&hellip;]","og_url":"https:\/\/oc.ca\/fr\/?post_type=job_listing&p=8122","og_site_name":"Orchestras Canada\/Orchestres Canada","article_modified_time":"2021-06-19T17:13:47+00:00","og_image":[{"width":1279,"height":1279,"url":"https:\/\/oc.ca\/wp-content\/uploads\/2021\/02\/Azrieli-Foundation.png","type":"image\/png"}],"twitter_card":"summary_large_image","twitter_misc":{"Dur\u00e9e de lecture estim\u00e9e":"6 minutes"},"schema":{"@context":"https:\/\/schema.org","@graph":[{"@type":"WebPage","@id":"https:\/\/oc.ca\/fr\/?post_type=job_listing&p=8122","url":"https:\/\/oc.ca\/fr\/?post_type=job_listing&p=8122","name":"Coordonnateur(trice), Prix Azrieli de musique - Orchestras Canada\/Orchestres Canada","isPartOf":{"@id":"https:\/\/oc.ca\/en\/#website"},"primaryImageOfPage":{"@id":"https:\/\/oc.ca\/fr\/?post_type=job_listing&p=8122#primaryimage"},"image":{"@id":"https:\/\/oc.ca\/fr\/?post_type=job_listing&p=8122#primaryimage"},"thumbnailUrl":"https:\/\/oc.ca\/wp-content\/uploads\/2021\/02\/Azrieli-Foundation.png","datePublished":"2021-04-20T18:58:20+00:00","dateModified":"2021-06-19T17:13:47+00:00","breadcrumb":{"@id":"https:\/\/oc.ca\/fr\/?post_type=job_listing&p=8122#breadcrumb"},"inLanguage":"fr-FR","potentialAction":[{"@type":"ReadAction","target":["https:\/\/oc.ca\/fr\/?post_type=job_listing&p=8122"]}]},{"@type":"ImageObject","inLanguage":"fr-FR","@id":"https:\/\/oc.ca\/fr\/?post_type=job_listing&p=8122#primaryimage","url":"https:\/\/oc.ca\/wp-content\/uploads\/2021\/02\/Azrieli-Foundation.png","contentUrl":"https:\/\/oc.ca\/wp-content\/uploads\/2021\/02\/Azrieli-Foundation.png","width":1279,"height":1279},{"@type":"BreadcrumbList","@id":"https:\/\/oc.ca\/fr\/?post_type=job_listing&p=8122#breadcrumb","itemListElement":[{"@type":"ListItem","position":1,"name":"Home","item":"https:\/\/oc.ca\/fr\/"},{"@type":"ListItem","position":2,"name":"Coordonnateur(trice), Prix Azrieli de musique"}]},{"@type":"WebSite","@id":"https:\/\/oc.ca\/en\/#website","url":"https:\/\/oc.ca\/en\/","name":"Orchestras Canada\/Orchestres Canada","description":"","publisher":{"@id":"https:\/\/oc.ca\/en\/#organization"},"potentialAction":[{"@type":"SearchAction","target":{"@type":"EntryPoint","urlTemplate":"https:\/\/oc.ca\/en\/?s={search_term_string}"},"query-input":{"@type":"PropertyValueSpecification","valueRequired":true,"valueName":"search_term_string"}}],"inLanguage":"fr-FR"},{"@type":"Organization","@id":"https:\/\/oc.ca\/en\/#organization","name":"Orchestras Canada\/Orchestres Canada","url":"https:\/\/oc.ca\/en\/","logo":{"@type":"ImageObject","inLanguage":"fr-FR","@id":"https:\/\/oc.ca\/en\/#\/schema\/logo\/image\/","url":"https:\/\/oc.ca\/wp-content\/uploads\/2019\/03\/cropped-OC-Logo-800x200-1.png","contentUrl":"https:\/\/oc.ca\/wp-content\/uploads\/2019\/03\/cropped-OC-Logo-800x200-1.png","width":400,"height":100,"caption":"Orchestras Canada\/Orchestres Canada"},"image":{"@id":"https:\/\/oc.ca\/en\/#\/schema\/logo\/image\/"}}]}},"_links":{"self":[{"href":"https:\/\/oc.ca\/fr\/wp-json\/wp\/v2\/job-listings\/8122","targetHints":{"allow":["GET"]}}],"collection":[{"href":"https:\/\/oc.ca\/fr\/wp-json\/wp\/v2\/job-listings"}],"about":[{"href":"https:\/\/oc.ca\/fr\/wp-json\/wp\/v2\/types\/job_listing"}],"author":[{"embeddable":true,"href":"https:\/\/oc.ca\/fr\/wp-json\/wp\/v2\/users\/14"}],"wp:featuredmedia":[{"embeddable":true,"href":"https:\/\/oc.ca\/fr\/wp-json\/wp\/v2\/media\/7840"}],"wp:attachment":[{"href":"https:\/\/oc.ca\/fr\/wp-json\/wp\/v2\/media?parent=8122"}],"wp:term":[{"taxonomy":"job_listing_category","embeddable":true,"href":"https:\/\/oc.ca\/fr\/wp-json\/wp\/v2\/job-categories?post=8122"}],"curies":[{"name":"wp","href":"https:\/\/api.w.org\/{rel}","templated":true}]}}