{"version":"1.0","provider_name":"Orchestras Canada\/Orchestres Canada","provider_url":"https:\/\/oc.ca\/fr\/","author_name":"Boran Zaza","author_url":"https:\/\/oc.ca\/fr\/author\/boranzaza\/","title":"R\u00e9pertoire canadien de musique du temps des f\u00eates - Orchestras Canada\/Orchestres Canada","type":"rich","width":600,"height":338,"html":"<blockquote class=\"wp-embedded-content\" data-secret=\"keweOVhqGL\"><a href=\"https:\/\/oc.ca\/fr\/resource\/repertoire-canadien-fetes\/\">R\u00e9pertoire canadien de musique du temps des f\u00eates<\/a><\/blockquote><iframe sandbox=\"allow-scripts\" security=\"restricted\" src=\"https:\/\/oc.ca\/fr\/resource\/repertoire-canadien-fetes\/embed\/#?secret=keweOVhqGL\" width=\"600\" height=\"338\" title=\"&#8220;R\u00e9pertoire canadien de musique du temps des f\u00eates&#8221; &#8212; Orchestras Canada\/Orchestres Canada\" data-secret=\"keweOVhqGL\" frameborder=\"0\" marginwidth=\"0\" marginheight=\"0\" scrolling=\"no\" class=\"wp-embedded-content\"><\/iframe><script type=\"text\/javascript\">\n\/* <![CDATA[ *\/\n\/*! This file is auto-generated *\/\n!function(d,l){\"use strict\";l.querySelector&&d.addEventListener&&\"undefined\"!=typeof URL&&(d.wp=d.wp||{},d.wp.receiveEmbedMessage||(d.wp.receiveEmbedMessage=function(e){var t=e.data;if((t||t.secret||t.message||t.value)&&!\/[^a-zA-Z0-9]\/.test(t.secret)){for(var s,r,n,a=l.querySelectorAll('iframe[data-secret=\"'+t.secret+'\"]'),o=l.querySelectorAll('blockquote[data-secret=\"'+t.secret+'\"]'),c=new RegExp(\"^https?:$\",\"i\"),i=0;i<o.length;i++)o[i].style.display=\"none\";for(i=0;i<a.length;i++)s=a[i],e.source===s.contentWindow&&(s.removeAttribute(\"style\"),\"height\"===t.message?(1e3<(r=parseInt(t.value,10))?r=1e3:~~r<200&&(r=200),s.height=r):\"link\"===t.message&&(r=new URL(s.getAttribute(\"src\")),n=new URL(t.value),c.test(n.protocol))&&n.host===r.host&&l.activeElement===s&&(d.top.location.href=t.value))}},d.addEventListener(\"message\",d.wp.receiveEmbedMessage,!1),l.addEventListener(\"DOMContentLoaded\",function(){for(var e,t,s=l.querySelectorAll(\"iframe.wp-embedded-content\"),r=0;r<s.length;r++)(t=(e=s[r]).getAttribute(\"data-secret\"))||(t=Math.random().toString(36).substring(2,12),e.src+=\"#?secret=\"+t,e.setAttribute(\"data-secret\",t)),e.contentWindow.postMessage({message:\"ready\",secret:t},\"*\")},!1)))}(window,document);\n\/\/# sourceURL=https:\/\/oc.ca\/wp-includes\/js\/wp-embed.min.js\n\/* ]]> *\/\n<\/script>\n","description":"Dans le cadre de notre engagement visant \u00e0 faire la promotion du contenu canadien, nous avons ajout\u00e9 un r\u00e9pertoire canadien de musique du temps des f\u00eates sur notre site Web. Nous vous invitons donc \u00e0 nous envoyer vos soumissions d\u2019\u0153uvres musicales, compos\u00e9es par des Canadiens, convenables pour le temps des F\u00eates. Nous esp\u00e9rons que cette [&hellip;]"}