{"version":"1.0","provider_name":"Orchestras Canada\/Orchestres Canada","provider_url":"https:\/\/oc.ca\/fr\/","author_name":"Boran Zaza","author_url":"https:\/\/oc.ca\/fr\/author\/boranzaza\/","title":"Collecte de fonds en p\u00e9riode d'incertitude - Orchestras Canada\/Orchestres Canada","type":"rich","width":600,"height":338,"html":"<blockquote class=\"wp-embedded-content\" data-secret=\"UadKpJgjHY\"><a href=\"https:\/\/oc.ca\/fr\/collecte-de-fonds-en-periode-dincertitude\/\">Collecte de fonds en p\u00e9riode d&#8217;incertitude<\/a><\/blockquote><iframe sandbox=\"allow-scripts\" security=\"restricted\" src=\"https:\/\/oc.ca\/fr\/collecte-de-fonds-en-periode-dincertitude\/embed\/#?secret=UadKpJgjHY\" width=\"600\" height=\"338\" title=\"&#8220;Collecte de fonds en p\u00e9riode d&#8217;incertitude&#8221; &#8212; Orchestras Canada\/Orchestres Canada\" data-secret=\"UadKpJgjHY\" frameborder=\"0\" marginwidth=\"0\" marginheight=\"0\" scrolling=\"no\" class=\"wp-embedded-content\"><\/iframe><script type=\"text\/javascript\">\n\/* <![CDATA[ *\/\n\/*! This file is auto-generated *\/\n!function(d,l){\"use strict\";l.querySelector&&d.addEventListener&&\"undefined\"!=typeof URL&&(d.wp=d.wp||{},d.wp.receiveEmbedMessage||(d.wp.receiveEmbedMessage=function(e){var t=e.data;if((t||t.secret||t.message||t.value)&&!\/[^a-zA-Z0-9]\/.test(t.secret)){for(var s,r,n,a=l.querySelectorAll('iframe[data-secret=\"'+t.secret+'\"]'),o=l.querySelectorAll('blockquote[data-secret=\"'+t.secret+'\"]'),c=new RegExp(\"^https?:$\",\"i\"),i=0;i<o.length;i++)o[i].style.display=\"none\";for(i=0;i<a.length;i++)s=a[i],e.source===s.contentWindow&&(s.removeAttribute(\"style\"),\"height\"===t.message?(1e3<(r=parseInt(t.value,10))?r=1e3:~~r<200&&(r=200),s.height=r):\"link\"===t.message&&(r=new URL(s.getAttribute(\"src\")),n=new URL(t.value),c.test(n.protocol))&&n.host===r.host&&l.activeElement===s&&(d.top.location.href=t.value))}},d.addEventListener(\"message\",d.wp.receiveEmbedMessage,!1),l.addEventListener(\"DOMContentLoaded\",function(){for(var e,t,s=l.querySelectorAll(\"iframe.wp-embedded-content\"),r=0;r<s.length;r++)(t=(e=s[r]).getAttribute(\"data-secret\"))||(t=Math.random().toString(36).substring(2,12),e.src+=\"#?secret=\"+t,e.setAttribute(\"data-secret\",t)),e.contentWindow.postMessage({message:\"ready\",secret:t},\"*\")},!1)))}(window,document);\n\/\/# sourceURL=https:\/\/oc.ca\/wp-includes\/js\/wp-embed.min.js\n\/* ]]> *\/\n<\/script>\n","description":"ce que j&#8217;ai appris lors du congr\u00e8s de la \u00ab League \u00bb Par\u00a0Boran Zaza, directrice des communications et du d\u00e9veloppement d\u2019Orchestres Canada \u00a0 Au cours de ma ma\u00eetrise (toujours en cours!) en management \u00e0 HEC Montr\u00e9al, j&#8217;ai d\u00e9couvert la \u00ab maladie des co\u00fbts de Baumol \u00bb. Je sais, \u00e7a fait peur&#8230;!\u00a0 L&#8217;id\u00e9e centrale est que [&hellip;]","thumbnail_url":"https:\/\/oc.ca\/wp-content\/uploads\/2022\/12\/2022_11_01_Boran_Headshots_227OC.png","thumbnail_width":600,"thumbnail_height":600}